{"id":196700,"date":"2020-08-15T17:48:42","date_gmt":"2020-08-15T15:48:42","guid":{"rendered":"https:\/\/www.bruellan.ch\/home\/"},"modified":"2024-02-09T15:19:05","modified_gmt":"2024-02-09T14:19:05","slug":"home","status":"publish","type":"page","link":"https:\/\/www.bruellan.ch\/de\/","title":{"rendered":"Home"},"content":{"rendered":"\n<div class=\"wp-block-cover alignfull no-margin-block\" style=\"min-height:60vh;aspect-ratio:unset;\"><span aria-hidden=\"true\" class=\"wp-block-cover__background has-vert-background-color has-background-dim-60 has-background-dim\"><\/span><video class=\"wp-block-cover__video-background intrinsic-ignore\" autoplay muted loop playsinline src=\"https:\/\/www.bruellan.ch\/wp-content\/uploads\/2023\/02\/bruellan-home-NB_light-1280_debit-cible-1-V2.mp4\" data-object-fit=\"cover\"><\/video><div class=\"wp-block-cover__inner-container is-layout-flow wp-block-cover-is-layout-flow\">\n<div style=\"height:80px\" aria-hidden=\"true\" class=\"wp-block-spacer\"><\/div>\n\n\n\n<div class=\"wp-block-group animated fadeInUp slow\"><div class=\"wp-block-group__inner-container is-layout-constrained wp-block-group-is-layout-constrained\">\n<h1 class=\"wp-block-heading has-vert-clair-color has-text-color has-x-large-font-size\">Herzlich willkommen bei Bruellan!<\/h1>\n\n\n\n<h4 class=\"wp-block-heading has-vert-clair-color has-text-color\">Seit 1991 sind wir Ihr Partner des Vertrauens <br\/>bei der Verwaltung und \u00dcbertragung <br\/>Ihres Verm\u00f6gens<\/h4>\n<\/div><\/div>\n\n\n\n<div style=\"height:60px\" aria-hidden=\"true\" class=\"wp-block-spacer\"><\/div>\n\n\n\n<div class=\"wp-block-buttons animated fadeIn delay-2s slow is-layout-flex wp-block-buttons-is-layout-flex\">\n<div class=\"wp-block-button\"><a class=\"wp-block-button__link wp-element-button\" href=\"https:\/\/www.bruellan.ch\/de\/unsere-gruppe\/\">Mehr \u00fcber uns<\/a><\/div>\n<\/div>\n<\/div><\/div>\n\n<div class=\"wp-block-cover alignfull is-light no-margin-block\"><span aria-hidden=\"true\" class=\"wp-block-cover__background has-vert-moyen-clair-background-color has-background-dim-100 has-background-dim\"><\/span><div class=\"wp-block-cover__inner-container is-layout-flow wp-block-cover-is-layout-flow\">\n<div style=\"height:50px\" aria-hidden=\"true\" class=\"wp-block-spacer\"><\/div>\n\n\n\n<div class=\"wp-block-columns is-layout-flex wp-container-core-columns-is-layout-9d6595d7 wp-block-columns-is-layout-flex\">\n<div class=\"wp-block-column animated fadeInUp slow is-layout-flow wp-block-column-is-layout-flow\">\n<h4 class=\"wp-block-heading\">Verm\u00f6gensverwaltung<\/h4>\n\n\n\n<p>Bruellan steht mit seiner Schweizer Pr\u00e4senz im Dienste internationaler Kunden. Das Unternehmen zeichnet sich durch einen globalen, personalisierten Service im Bereich der Verm\u00f6gensverwaltung aus, der individuell an die besonderen Bed\u00fcrfnisse unserer Kunden abgestimmt wird. Wir sind unabh\u00e4ngig, was uns erm\u00f6glicht, eine dynamische Verm\u00f6gensverwaltung ohne jegliche Interessenskonflikte zu bieten.<\/p>\n\n\n\n<div class=\"wp-block-buttons is-layout-flex wp-block-buttons-is-layout-flex\">\n<div class=\"wp-block-button\"><a class=\"wp-block-button__link wp-element-button\" href=\"https:\/\/www.bruellan.ch\/de\/privatkunden\/#gestion-de-patrimoine\">Mehr dazu<\/a><\/div>\n<\/div>\n<\/div>\n\n\n\n<div class=\"wp-block-column animated fadeInUp delay-100ms slow is-layout-flow wp-block-column-is-layout-flow\">\n<h4 class=\"wp-block-heading\">Asset-Management<\/h4>\n\n\n\n<p>Die thematischen Fonds von Bruellan dr\u00fccken unsere tiefen \u00dcberzeugungen in Bezug auf langfristige Anlagen aus. In ihnen spiegelt sich unser Vertrauen in die wirtschaftliche Stabilit\u00e4t der <strong>Schweiz<\/strong> und in die Best\u00e4ndigkeit und Innovationskraft von <strong>Familienunternehmen<\/strong> wie auch in die Dynamik von <strong>Wachstumswerten<\/strong> wider.<\/p>\n\n\n\n<div class=\"wp-block-buttons is-layout-flex wp-block-buttons-is-layout-flex\">\n<div class=\"wp-block-button\"><a class=\"wp-block-button__link wp-element-button\" href=\"https:\/\/www.bruellan.ch\/de\/asset-management\/\">Mehr dazu<\/a><\/div>\n<\/div>\n<\/div>\n\n\n\n<div class=\"wp-block-column animated fadeInUp delay-200ms slow is-layout-flow wp-block-column-is-layout-flow\">\n<h4 class=\"wp-block-heading\">Multi-Family Office<\/h4>\n\n\n\n<p>Unser Bereich Multi-Family Office steht Ihnen mit unvergleichbarem Erfahrungsschatz zur Seite, sodass Ihre privaten Angelegenheiten komplett und ohne Sorgen verwaltet und geregelt werden k\u00f6nnen.<\/p>\n\n\n\n<div class=\"wp-block-buttons is-layout-flex wp-block-buttons-is-layout-flex\">\n<div class=\"wp-block-button\"><a class=\"wp-block-button__link wp-element-button\" href=\"https:\/\/www.bruellan.ch\/de\/privatkunden\/#multi-family-office\">Mehr dazu<\/a><\/div>\n<\/div>\n<\/div>\n<\/div>\n\n\n\n<div style=\"height:50px\" aria-hidden=\"true\" class=\"wp-block-spacer\"><\/div>\n<\/div><\/div>\n\n<div class=\"wp-block-cover alignfull no-margin-block home-panorama-block\"><span aria-hidden=\"true\" class=\"wp-block-cover__background has-background-dim-0 has-background-dim\"><\/span><img loading=\"lazy\" decoding=\"async\" width=\"2500\" height=\"1396\" class=\"wp-block-cover__image-background wp-image-493\" alt=\"\" src=\"https:\/\/www.bruellan.ch\/wp-content\/uploads\/2022\/11\/cerf.jpg\" data-object-fit=\"cover\" srcset=\"https:\/\/www.bruellan.ch\/wp-content\/uploads\/2022\/11\/cerf.jpg 2500w, https:\/\/www.bruellan.ch\/wp-content\/uploads\/2022\/11\/cerf-660x369.jpg 660w, https:\/\/www.bruellan.ch\/wp-content\/uploads\/2022\/11\/cerf-1320x737.jpg 1320w, https:\/\/www.bruellan.ch\/wp-content\/uploads\/2022\/11\/cerf-768x429.jpg 768w, https:\/\/www.bruellan.ch\/wp-content\/uploads\/2022\/11\/cerf-1536x858.jpg 1536w, https:\/\/www.bruellan.ch\/wp-content\/uploads\/2022\/11\/cerf-2048x1144.jpg 2048w\" sizes=\"auto, (max-width: 2500px) 100vw, 2500px\" \/><div class=\"wp-block-cover__inner-container is-layout-flow wp-block-cover-is-layout-flow\">\n<div style=\"height:50px\" aria-hidden=\"true\" class=\"wp-block-spacer\"><\/div>\n\n\n\n   <div id=\"devbootstrapslidercatblock-block_427278e828164b4dad28994a6faf8a83\" class=\"devbootstrapslidercatblock home-panorama-block\">\n        \n                    \n            <div class=\"row\">\n                                \n                <article id=\"post-199773\" class=\"archive-item col-12 col-md-6 col-lg-4 post-199773 post type-post status-publish format-standard has-post-thumbnail hentry category-panorama-de\" data-aos=\"fade-up\" data-aos-duration=\"1200\" data-aos-delay=\"200\" data-aos-offset=\"-300\">\n<div class=\"entry-post-date\">\t\n\t\t\t<span class=\"posted-on\"><a href=\"https:\/\/www.bruellan.ch\/de\/panorama-q1-2026\/\" rel=\"bookmark\"><time class=\"entry-date published\" datetime=\"2026-01-22T15:22:35+01:00\">22.01.2026<\/time><time class=\"updated\" datetime=\"2026-01-22T15:24:08+01:00\">22.01.2026<\/time><\/a><\/span>\t\t\t  &#8211; <span class=\"cat-links\">  <a href=\"https:\/\/www.bruellan.ch\/de\/category\/neuigkeiten-und-aussichten\/panorama-de\/\" rel=\"category tag\">Panorama<\/a><\/span>\t\t\t\n<\/div>\n<div class=\"archive-item-content\">\n\t<div class=\"archive-item-content-col\">\n\t\t\n\t\t\t\t\t\t\t\t\t\n\t\t\t\t\t<div class=\"thumbnail-resized\">\n\n\t\t\t\t\t\t\t\t\t\t\t\t\t\t<img loading=\"lazy\" decoding=\"async\" width=\"575\" height=\"823\" src=\"https:\/\/www.bruellan.ch\/wp-content\/uploads\/2026\/01\/Pano-FR-4.png\" class=\"attachment-medium size-medium\" alt=\"\" \/>\t\t\t\t\t\t\t\t\t\t\t\t<\/div>\n\n\t\t\t\t\t\t\n\t<\/div>\n\t<div class=\"archive-item-content-col\">\n\t\t<header class=\"entry-header\">\n\t\t\t<h3 class=\"entry-title\"><a href=\"https:\/\/www.bruellan.ch\/de\/panorama-q1-2026\/\" rel=\"bookmark\">PANORAMA Q1 2026<\/a><\/h3>\t\t\t\t\t\t\t<div class=\"author-infomation\"><span>Von <\/span> Bruellan<\/div>\n\t\t\t\t\t<\/header><!-- .entry-header -->\n\t\t<div class=\"archive-entry-excerpt\">\n\t\t\t<p>NO TIME TO DIE<\/p>\n\t\t<\/div>\n\n\t\t\t\t\t\n\t<\/div>\n\t<\/div><!--  .archive-item-content -->\n<\/article><!-- #post-199773 -->\n            <\/div><!-- .row-->\n            <\/div><!-- devcatblock VZA-->\n            \n        \n   \n    \n    \n\n\n\n\n<div style=\"height:50px\" aria-hidden=\"true\" class=\"wp-block-spacer\"><\/div>\n<\/div><\/div>\n\n<div style=\"height:100px\" aria-hidden=\"true\" class=\"wp-block-spacer\"><\/div>\n\n   <div id=\"devbootstrapslidercatblock-block_d9f4921098cd30ba8a9c3f9017773fa4\" class=\"devbootstrapslidercatblock\">\n        \n                    \n            <div class=\"row\">\n                                    <h2 class=\"col-12\">Neuigkeiten und Aussichten <\/h2>\n                                \n                <article id=\"post-199961\" class=\"archive-item col-12 col-md-6 col-lg-4 post-199961 post type-post status-publish format-standard has-post-thumbnail hentry category-actualites tag-assetmanagement tag-bruellan-fr tag-strategie\" data-aos=\"fade-up\" data-aos-duration=\"1200\" data-aos-delay=\"200\" data-aos-offset=\"-300\">\n<div class=\"entry-post-date\">\t\n\t\t\t<span class=\"posted-on\"><a href=\"https:\/\/www.bruellan.ch\/de\/quest-ce-qui-ne-colle-pas-avec-sika-anatomie-dun-desenchantement-boursier\/\" rel=\"bookmark\"><time class=\"entry-date published\" datetime=\"2026-04-17T09:01:07+02:00\">17.04.2026<\/time><time class=\"updated\" datetime=\"2026-04-17T09:01:11+02:00\">17.04.2026<\/time><\/a><\/span>\t\t\t  &#8211; <span class=\"cat-links\">  <a href=\"https:\/\/www.bruellan.ch\/category\/actualites-et-perspectives\/actualites\/\" rel=\"category tag\">Actualit\u00e9s<\/a><\/span>\t\t\t\n<\/div>\n<div class=\"archive-item-content\">\n\t<div class=\"archive-item-content-col\">\n\t\t\n\t\t\t\t\t\t\t\t<div class=\"thumbnail-resized\">\n\t\t\t\t\t\t<img loading=\"lazy\" decoding=\"async\" width=\"960\" height=\"540\" src=\"https:\/\/www.bruellan.ch\/wp-content\/uploads\/2023\/04\/Photo-ANB_sept21-1-e1633602016593-960x540.jpg\" class=\"attachment-thumbnail-large size-thumbnail-large wp-post-image\" alt=\"\" \/>\t\t\t\t<\/div>\n\t\t\t\t\t\t\n\t<\/div>\n\t<div class=\"archive-item-content-col\">\n\t\t<header class=\"entry-header\">\n\t\t\t<h3 class=\"entry-title\"><a href=\"https:\/\/www.bruellan.ch\/de\/quest-ce-qui-ne-colle-pas-avec-sika-anatomie-dun-desenchantement-boursier\/\" rel=\"bookmark\">Qu\u2019est ce qui ne colle pas avec Sika &#8211; anatomie d&#8217;un d\u00e9senchantement boursier<\/a><\/h3>\t\t\t\t\t\t\t<div class=\"author-infomation\"><span>Von <\/span> Anick Baud, Bruellan SA<\/div>\n\t\t\t\t\t<\/header><!-- .entry-header -->\n\t\t<div class=\"archive-entry-excerpt\">\n\t\t\t<p>Sika traverse un v\u00e9ritable d\u00e9senchantement boursier, toutefois les premiers signes d\u2019un possible point d\u2019inflexion pourraient se dessiner. Pendant pr\u00e8s de deux d\u00e9cennies, Sika a \u00e9t\u00e9 l\u2019une des valeurs phares du &#8230; <\/p>\n<div class=\"read-more-link-box\"><a class=\"read-more-link\" href=\"https:\/\/www.bruellan.ch\/de\/quest-ce-qui-ne-colle-pas-avec-sika-anatomie-dun-desenchantement-boursier\/\">Weiterlesen<\/a><\/div>\n\t\t<\/div>\n\n\t\t\t\t\t\n\t<\/div>\n\t<\/div><!--  .archive-item-content -->\n<\/article><!-- #post-199961 -->\n<article id=\"post-199894\" class=\"archive-item col-12 col-md-6 col-lg-4 post-199894 post type-post status-publish format-standard has-post-thumbnail hentry category-actualites\" data-aos=\"fade-up\" data-aos-duration=\"1200\" data-aos-delay=\"200\" data-aos-offset=\"-300\">\n<div class=\"entry-post-date\">\t\n\t\t\t<span class=\"posted-on\"><a href=\"https:\/\/www.bruellan.ch\/de\/diversification-de-souverainete-et-trade-halo-la-reallocation-vers-le-reel\/\" rel=\"bookmark\"><time class=\"entry-date published\" datetime=\"2026-03-23T09:48:09+01:00\">23.03.2026<\/time><time class=\"updated\" datetime=\"2026-03-23T09:48:11+01:00\">23.03.2026<\/time><\/a><\/span>\t\t\t  &#8211; <span class=\"cat-links\">  <a href=\"https:\/\/www.bruellan.ch\/category\/actualites-et-perspectives\/actualites\/\" rel=\"category tag\">Actualit\u00e9s<\/a><\/span>\t\t\t\n<\/div>\n<div class=\"archive-item-content\">\n\t<div class=\"archive-item-content-col\">\n\t\t\n\t\t\t\t\t\t\t\t<div class=\"thumbnail-resized\">\n\t\t\t\t\t\t<img loading=\"lazy\" decoding=\"async\" width=\"960\" height=\"540\" src=\"https:\/\/www.bruellan.ch\/wp-content\/uploads\/2023\/04\/IMG_0579-scaled-1-960x540.jpg\" class=\"attachment-thumbnail-large size-thumbnail-large wp-post-image\" alt=\"\" srcset=\"https:\/\/www.bruellan.ch\/wp-content\/uploads\/2023\/04\/IMG_0579-scaled-1-960x540.jpg 960w, https:\/\/www.bruellan.ch\/wp-content\/uploads\/2023\/04\/IMG_0579-scaled-1-1920x1080.jpg 1920w\" sizes=\"auto, (max-width: 960px) 100vw, 960px\" \/>\t\t\t\t<\/div>\n\t\t\t\t\t\t\n\t<\/div>\n\t<div class=\"archive-item-content-col\">\n\t\t<header class=\"entry-header\">\n\t\t\t<h3 class=\"entry-title\"><a href=\"https:\/\/www.bruellan.ch\/de\/diversification-de-souverainete-et-trade-halo-la-reallocation-vers-le-reel\/\" rel=\"bookmark\">Diversification de Souverainet\u00e9 et Trade HALO: la r\u00e9allocation vers le r\u00e9el<\/a><\/h3>\t\t\t\t\t\t\t<div class=\"author-infomation\"><span>Von <\/span> Malek Dahmani, Bruellan SA<\/div>\n\t\t\t\t\t<\/header><!-- .entry-header -->\n\t\t<div class=\"archive-entry-excerpt\">\n\t\t\t<p>La fragmentation du monde n\u2019est plus hypoth\u00e9tique: elle s\u2019impose progressivement comme l\u2019une des trames de fond de la nouvelle r\u00e9alit\u00e9 \u00e9conomique. Une nouvelle g\u00e9ographie de l\u2019investissement se dessine. Le risque &#8230; <\/p>\n<div class=\"read-more-link-box\"><a class=\"read-more-link\" href=\"https:\/\/www.bruellan.ch\/de\/diversification-de-souverainete-et-trade-halo-la-reallocation-vers-le-reel\/\">Weiterlesen<\/a><\/div>\n\t\t<\/div>\n\n\t\t\t\t\t\n\t<\/div>\n\t<\/div><!--  .archive-item-content -->\n<\/article><!-- #post-199894 -->\n<article id=\"post-199841\" class=\"archive-item col-12 col-md-6 col-lg-4 post-199841 post type-post status-publish format-standard has-post-thumbnail hentry category-actualites tag-assetmanagement tag-bruellan-fr tag-strategie\" data-aos=\"fade-up\" data-aos-duration=\"1200\" data-aos-delay=\"200\" data-aos-offset=\"-300\">\n<div class=\"entry-post-date\">\t\n\t\t\t<span class=\"posted-on\"><a href=\"https:\/\/www.bruellan.ch\/de\/le-family-office-3-0-ou-la-force-de-proposition\/\" rel=\"bookmark\"><time class=\"entry-date published\" datetime=\"2026-02-13T08:50:15+01:00\">13.02.2026<\/time><time class=\"updated\" datetime=\"2026-02-13T08:50:18+01:00\">13.02.2026<\/time><\/a><\/span>\t\t\t  &#8211; <span class=\"cat-links\">  <a href=\"https:\/\/www.bruellan.ch\/category\/actualites-et-perspectives\/actualites\/\" rel=\"category tag\">Actualit\u00e9s<\/a><\/span>\t\t\t\n<\/div>\n<div class=\"archive-item-content\">\n\t<div class=\"archive-item-content-col\">\n\t\t\n\t\t\t\t\t\t\t\t<div class=\"thumbnail-resized\">\n\t\t\t\t\t\t<img loading=\"lazy\" decoding=\"async\" width=\"800\" height=\"540\" src=\"https:\/\/www.bruellan.ch\/wp-content\/uploads\/2026\/02\/Stephanie_Dunoyer_RS-800x540.jpg\" class=\"attachment-thumbnail-large size-thumbnail-large wp-post-image\" alt=\"\" \/>\t\t\t\t<\/div>\n\t\t\t\t\t\t\n\t<\/div>\n\t<div class=\"archive-item-content-col\">\n\t\t<header class=\"entry-header\">\n\t\t\t<h3 class=\"entry-title\"><a href=\"https:\/\/www.bruellan.ch\/de\/le-family-office-3-0-ou-la-force-de-proposition\/\" rel=\"bookmark\">Le family office 3.0 ou la force de proposition<\/a><\/h3>\t\t\t\t\t\t\t<div class=\"author-infomation\"><span>Von <\/span> St\u00e9phanie Dunoyer, Bruellan SA<\/div>\n\t\t\t\t\t<\/header><!-- .entry-header -->\n\t\t<div class=\"archive-entry-excerpt\">\n\t\t\t<p>Alliant rigueur, cr\u00e9ativit\u00e9 et alignement, l\u2019\u00e9nonc\u00e9 de mission du family office se veut par essence ajust\u00e9. Lorsque les alliances interg\u00e9n\u00e9rationnelles familiales peuvent \u00eatre synonymes de forces ou de faiblesses, d\u00e9salign\u00e9es &#8230; <\/p>\n<div class=\"read-more-link-box\"><a class=\"read-more-link\" href=\"https:\/\/www.bruellan.ch\/de\/le-family-office-3-0-ou-la-force-de-proposition\/\">Weiterlesen<\/a><\/div>\n\t\t<\/div>\n\n\t\t\t\t\t\n\t<\/div>\n\t<\/div><!--  .archive-item-content -->\n<\/article><!-- #post-199841 -->\n            <\/div><!-- .row-->\n            <\/div><!-- devcatblock VZA-->\n            \n        \n   \n    \n    \n\n\n<div style=\"height:20px\" aria-hidden=\"true\" class=\"wp-block-spacer\"><\/div>\n\n<div class=\"wp-block-buttons is-content-justification-right is-layout-flex wp-container-core-buttons-is-layout-765c4724 wp-block-buttons-is-layout-flex\">\n<div class=\"wp-block-button\"><a class=\"wp-block-button__link wp-element-button\" href=\"https:\/\/www.bruellan.ch\/de\/neuigkeiten-und-aussichten\/\">Mehr dazu anzeigen<\/a><\/div>\n<\/div>\n","protected":false},"excerpt":{"rendered":"","protected":false},"author":1,"featured_media":0,"parent":0,"menu_order":0,"comment_status":"closed","ping_status":"closed","template":"","meta":{"_acf_changed":false,"footnotes":""},"class_list":["post-196700","page","type-page","status-publish","hentry"],"acf":[],"yoast_head":"<!-- This site is optimized with the Yoast SEO plugin v26.7 - https:\/\/yoast.com\/wordpress\/plugins\/seo\/ -->\n<title>Bruellan - Gestion et transmission de votre patrimoine<\/title>\n<meta name=\"description\" content=\"Bienvenue chez Bruellan, une soci\u00e9t\u00e9 ind\u00e9pendante de la taille d\u2019un cabinet boutique. Nous sommes id\u00e9alement positionn\u00e9s pour fournir \u00e0 nos clients un service professionnel personnalis\u00e9 selon leurs besoins individuels et leurs objectifs...\" \/>\n<meta name=\"robots\" content=\"index, follow, max-snippet:-1, max-image-preview:large, max-video-preview:-1\" \/>\n<link rel=\"canonical\" href=\"https:\/\/www.bruellan.ch\/de\/\" \/>\n<meta property=\"og:locale\" content=\"de_DE\" \/>\n<meta property=\"og:type\" content=\"article\" \/>\n<meta property=\"og:title\" content=\"Bruellan - Gestion et transmission de votre patrimoine\" \/>\n<meta property=\"og:description\" content=\"Bienvenue chez Bruellan, une soci\u00e9t\u00e9 ind\u00e9pendante de la taille d\u2019un cabinet boutique. Nous sommes id\u00e9alement positionn\u00e9s pour fournir \u00e0 nos clients un service professionnel personnalis\u00e9 selon leurs besoins individuels et leurs objectifs...\" \/>\n<meta property=\"og:url\" content=\"https:\/\/www.bruellan.ch\/de\/\" \/>\n<meta property=\"og:site_name\" content=\"Bruellan\" \/>\n<meta property=\"article:modified_time\" content=\"2024-02-09T14:19:05+00:00\" \/>\n<meta property=\"og:image\" content=\"https:\/\/www.bruellan.ch\/wp-content\/uploads\/2022\/11\/cerf.jpg\" \/>\n<meta name=\"twitter:card\" content=\"summary_large_image\" \/>\n<meta name=\"twitter:label1\" content=\"Gesch\u00e4tzte Lesezeit\" \/>\n\t<meta name=\"twitter:data1\" content=\"1\u00a0Minute\" \/>\n<script type=\"application\/ld+json\" class=\"yoast-schema-graph\">{\"@context\":\"https:\/\/schema.org\",\"@graph\":[{\"@type\":\"WebPage\",\"@id\":\"https:\/\/www.bruellan.ch\/de\/\",\"url\":\"https:\/\/www.bruellan.ch\/de\/\",\"name\":\"Bruellan - Gestion et transmission de votre patrimoine\",\"isPartOf\":{\"@id\":\"https:\/\/www.bruellan.ch\/#website\"},\"primaryImageOfPage\":{\"@id\":\"https:\/\/www.bruellan.ch\/de\/#primaryimage\"},\"image\":{\"@id\":\"https:\/\/www.bruellan.ch\/de\/#primaryimage\"},\"thumbnailUrl\":\"https:\/\/www.bruellan.ch\/wp-content\/uploads\/2022\/11\/cerf.jpg\",\"datePublished\":\"2020-08-15T15:48:42+00:00\",\"dateModified\":\"2024-02-09T14:19:05+00:00\",\"description\":\"Bienvenue chez Bruellan, une soci\u00e9t\u00e9 ind\u00e9pendante de la taille d\u2019un cabinet boutique. Nous sommes id\u00e9alement positionn\u00e9s pour fournir \u00e0 nos clients un service professionnel personnalis\u00e9 selon leurs besoins individuels et leurs objectifs...\",\"breadcrumb\":{\"@id\":\"https:\/\/www.bruellan.ch\/de\/#breadcrumb\"},\"inLanguage\":\"de\",\"potentialAction\":[{\"@type\":\"ReadAction\",\"target\":[\"https:\/\/www.bruellan.ch\/de\/\"]}]},{\"@type\":\"ImageObject\",\"inLanguage\":\"de\",\"@id\":\"https:\/\/www.bruellan.ch\/de\/#primaryimage\",\"url\":\"https:\/\/www.bruellan.ch\/wp-content\/uploads\/2022\/11\/cerf.jpg\",\"contentUrl\":\"https:\/\/www.bruellan.ch\/wp-content\/uploads\/2022\/11\/cerf.jpg\"},{\"@type\":\"BreadcrumbList\",\"@id\":\"https:\/\/www.bruellan.ch\/de\/#breadcrumb\",\"itemListElement\":[{\"@type\":\"ListItem\",\"position\":1,\"name\":\"Home\",\"item\":\"https:\/\/www.bruellan.ch\/de\/\"},{\"@type\":\"ListItem\",\"position\":2,\"name\":\"Home\"}]},{\"@type\":\"WebSite\",\"@id\":\"https:\/\/www.bruellan.ch\/#website\",\"url\":\"https:\/\/www.bruellan.ch\/\",\"name\":\"Bruellan\",\"description\":\"Votre partenaire suisse dans la gestion et la transmission de votre patrimoine familial\",\"publisher\":{\"@id\":\"https:\/\/www.bruellan.ch\/#organization\"},\"potentialAction\":[{\"@type\":\"SearchAction\",\"target\":{\"@type\":\"EntryPoint\",\"urlTemplate\":\"https:\/\/www.bruellan.ch\/?s={search_term_string}\"},\"query-input\":{\"@type\":\"PropertyValueSpecification\",\"valueRequired\":true,\"valueName\":\"search_term_string\"}}],\"inLanguage\":\"de\"},{\"@type\":\"Organization\",\"@id\":\"https:\/\/www.bruellan.ch\/#organization\",\"name\":\"Bruellan\",\"url\":\"https:\/\/www.bruellan.ch\/\",\"logo\":{\"@type\":\"ImageObject\",\"inLanguage\":\"de\",\"@id\":\"https:\/\/www.bruellan.ch\/#\/schema\/logo\/image\/\",\"url\":\"https:\/\/www.bruellan.ch\/wp-content\/uploads\/2023\/12\/bruellan-logo.png\",\"contentUrl\":\"https:\/\/www.bruellan.ch\/wp-content\/uploads\/2023\/12\/bruellan-logo.png\",\"width\":800,\"height\":185,\"caption\":\"Bruellan\"},\"image\":{\"@id\":\"https:\/\/www.bruellan.ch\/#\/schema\/logo\/image\/\"},\"sameAs\":[\"https:\/\/www.linkedin.com\/company\/bruellan-s-a-\/\",\"https:\/\/www.youtube.com\/@bruellangroup7443\",\"https:\/\/www.instagram.com\/bruellan_sa\/?hl=fr\"]}]}<\/script>\n<!-- \/ Yoast SEO plugin. -->","yoast_head_json":{"title":"Bruellan - Gestion et transmission de votre patrimoine","description":"Bienvenue chez Bruellan, une soci\u00e9t\u00e9 ind\u00e9pendante de la taille d\u2019un cabinet boutique. Nous sommes id\u00e9alement positionn\u00e9s pour fournir \u00e0 nos clients un service professionnel personnalis\u00e9 selon leurs besoins individuels et leurs objectifs...","robots":{"index":"index","follow":"follow","max-snippet":"max-snippet:-1","max-image-preview":"max-image-preview:large","max-video-preview":"max-video-preview:-1"},"canonical":"https:\/\/www.bruellan.ch\/de\/","og_locale":"de_DE","og_type":"article","og_title":"Bruellan - Gestion et transmission de votre patrimoine","og_description":"Bienvenue chez Bruellan, une soci\u00e9t\u00e9 ind\u00e9pendante de la taille d\u2019un cabinet boutique. Nous sommes id\u00e9alement positionn\u00e9s pour fournir \u00e0 nos clients un service professionnel personnalis\u00e9 selon leurs besoins individuels et leurs objectifs...","og_url":"https:\/\/www.bruellan.ch\/de\/","og_site_name":"Bruellan","article_modified_time":"2024-02-09T14:19:05+00:00","og_image":[{"url":"https:\/\/www.bruellan.ch\/wp-content\/uploads\/2022\/11\/cerf.jpg","type":"","width":"","height":""}],"twitter_card":"summary_large_image","twitter_misc":{"Gesch\u00e4tzte Lesezeit":"1\u00a0Minute"},"schema":{"@context":"https:\/\/schema.org","@graph":[{"@type":"WebPage","@id":"https:\/\/www.bruellan.ch\/de\/","url":"https:\/\/www.bruellan.ch\/de\/","name":"Bruellan - Gestion et transmission de votre patrimoine","isPartOf":{"@id":"https:\/\/www.bruellan.ch\/#website"},"primaryImageOfPage":{"@id":"https:\/\/www.bruellan.ch\/de\/#primaryimage"},"image":{"@id":"https:\/\/www.bruellan.ch\/de\/#primaryimage"},"thumbnailUrl":"https:\/\/www.bruellan.ch\/wp-content\/uploads\/2022\/11\/cerf.jpg","datePublished":"2020-08-15T15:48:42+00:00","dateModified":"2024-02-09T14:19:05+00:00","description":"Bienvenue chez Bruellan, une soci\u00e9t\u00e9 ind\u00e9pendante de la taille d\u2019un cabinet boutique. Nous sommes id\u00e9alement positionn\u00e9s pour fournir \u00e0 nos clients un service professionnel personnalis\u00e9 selon leurs besoins individuels et leurs objectifs...","breadcrumb":{"@id":"https:\/\/www.bruellan.ch\/de\/#breadcrumb"},"inLanguage":"de","potentialAction":[{"@type":"ReadAction","target":["https:\/\/www.bruellan.ch\/de\/"]}]},{"@type":"ImageObject","inLanguage":"de","@id":"https:\/\/www.bruellan.ch\/de\/#primaryimage","url":"https:\/\/www.bruellan.ch\/wp-content\/uploads\/2022\/11\/cerf.jpg","contentUrl":"https:\/\/www.bruellan.ch\/wp-content\/uploads\/2022\/11\/cerf.jpg"},{"@type":"BreadcrumbList","@id":"https:\/\/www.bruellan.ch\/de\/#breadcrumb","itemListElement":[{"@type":"ListItem","position":1,"name":"Home","item":"https:\/\/www.bruellan.ch\/de\/"},{"@type":"ListItem","position":2,"name":"Home"}]},{"@type":"WebSite","@id":"https:\/\/www.bruellan.ch\/#website","url":"https:\/\/www.bruellan.ch\/","name":"Bruellan","description":"Votre partenaire suisse dans la gestion et la transmission de votre patrimoine familial","publisher":{"@id":"https:\/\/www.bruellan.ch\/#organization"},"potentialAction":[{"@type":"SearchAction","target":{"@type":"EntryPoint","urlTemplate":"https:\/\/www.bruellan.ch\/?s={search_term_string}"},"query-input":{"@type":"PropertyValueSpecification","valueRequired":true,"valueName":"search_term_string"}}],"inLanguage":"de"},{"@type":"Organization","@id":"https:\/\/www.bruellan.ch\/#organization","name":"Bruellan","url":"https:\/\/www.bruellan.ch\/","logo":{"@type":"ImageObject","inLanguage":"de","@id":"https:\/\/www.bruellan.ch\/#\/schema\/logo\/image\/","url":"https:\/\/www.bruellan.ch\/wp-content\/uploads\/2023\/12\/bruellan-logo.png","contentUrl":"https:\/\/www.bruellan.ch\/wp-content\/uploads\/2023\/12\/bruellan-logo.png","width":800,"height":185,"caption":"Bruellan"},"image":{"@id":"https:\/\/www.bruellan.ch\/#\/schema\/logo\/image\/"},"sameAs":["https:\/\/www.linkedin.com\/company\/bruellan-s-a-\/","https:\/\/www.youtube.com\/@bruellangroup7443","https:\/\/www.instagram.com\/bruellan_sa\/?hl=fr"]}]}},"_links":{"self":[{"href":"https:\/\/www.bruellan.ch\/de\/wp-json\/wp\/v2\/pages\/196700","targetHints":{"allow":["GET"]}}],"collection":[{"href":"https:\/\/www.bruellan.ch\/de\/wp-json\/wp\/v2\/pages"}],"about":[{"href":"https:\/\/www.bruellan.ch\/de\/wp-json\/wp\/v2\/types\/page"}],"author":[{"embeddable":true,"href":"https:\/\/www.bruellan.ch\/de\/wp-json\/wp\/v2\/users\/1"}],"replies":[{"embeddable":true,"href":"https:\/\/www.bruellan.ch\/de\/wp-json\/wp\/v2\/comments?post=196700"}],"version-history":[{"count":5,"href":"https:\/\/www.bruellan.ch\/de\/wp-json\/wp\/v2\/pages\/196700\/revisions"}],"predecessor-version":[{"id":196784,"href":"https:\/\/www.bruellan.ch\/de\/wp-json\/wp\/v2\/pages\/196700\/revisions\/196784"}],"wp:attachment":[{"href":"https:\/\/www.bruellan.ch\/de\/wp-json\/wp\/v2\/media?parent=196700"}],"curies":[{"name":"wp","href":"https:\/\/api.w.org\/{rel}","templated":true}]}}