{"version":"1.0","provider_name":"Bruellan","provider_url":"https:\/\/www.bruellan.ch\/de\/","title":"\u00abNo time to die\u00bb pour les march\u00e9s actions - Bruellan","type":"rich","width":600,"height":338,"html":"<blockquote class=\"wp-embedded-content\" data-secret=\"AGtLNOmo5q\"><a href=\"https:\/\/www.bruellan.ch\/de\/no-time-to-die-pour-les-marches-actions\/\">\u00abNo time to die\u00bb pour les march\u00e9s actions<\/a><\/blockquote><iframe sandbox=\"allow-scripts\" security=\"restricted\" src=\"https:\/\/www.bruellan.ch\/de\/no-time-to-die-pour-les-marches-actions\/embed\/#?secret=AGtLNOmo5q\" width=\"600\" height=\"338\" title=\"&#8222;\u00abNo time to die\u00bb pour les march\u00e9s actions&#8220; &#8211; Bruellan\" data-secret=\"AGtLNOmo5q\" frameborder=\"0\" marginwidth=\"0\" marginheight=\"0\" scrolling=\"no\" class=\"wp-embedded-content\"><\/iframe><script>\n\/*! This file is auto-generated *\/\n!function(d,l){\"use strict\";l.querySelector&&d.addEventListener&&\"undefined\"!=typeof URL&&(d.wp=d.wp||{},d.wp.receiveEmbedMessage||(d.wp.receiveEmbedMessage=function(e){var t=e.data;if((t||t.secret||t.message||t.value)&&!\/[^a-zA-Z0-9]\/.test(t.secret)){for(var s,r,n,a=l.querySelectorAll('iframe[data-secret=\"'+t.secret+'\"]'),o=l.querySelectorAll('blockquote[data-secret=\"'+t.secret+'\"]'),c=new RegExp(\"^https?:$\",\"i\"),i=0;i<o.length;i++)o[i].style.display=\"none\";for(i=0;i<a.length;i++)s=a[i],e.source===s.contentWindow&&(s.removeAttribute(\"style\"),\"height\"===t.message?(1e3<(r=parseInt(t.value,10))?r=1e3:~~r<200&&(r=200),s.height=r):\"link\"===t.message&&(r=new URL(s.getAttribute(\"src\")),n=new URL(t.value),c.test(n.protocol))&&n.host===r.host&&l.activeElement===s&&(d.top.location.href=t.value))}},d.addEventListener(\"message\",d.wp.receiveEmbedMessage,!1),l.addEventListener(\"DOMContentLoaded\",function(){for(var e,t,s=l.querySelectorAll(\"iframe.wp-embedded-content\"),r=0;r<s.length;r++)(t=(e=s[r]).getAttribute(\"data-secret\"))||(t=Math.random().toString(36).substring(2,12),e.src+=\"#?secret=\"+t,e.setAttribute(\"data-secret\",t)),e.contentWindow.postMessage({message:\"ready\",secret:t},\"*\")},!1)))}(window,document);\n\/\/# sourceURL=https:\/\/www.bruellan.ch\/wp-includes\/js\/wp-embed.min.js\n<\/script>\n","thumbnail_url":"https:\/\/www.bruellan.ch\/wp-content\/uploads\/2022\/11\/FLORIANMARINI.jpg","thumbnail_width":1600,"thumbnail_height":1600,"description":"La croissance mondiale devrait rester r\u00e9siliente en 2026 malgr\u00e9 un environnement politique et g\u00e9opolitique plus complexe. Un cycle mature, mais toujours porteur \u00c0 l\u2019aube de 2026, les investisseurs sont confront\u00e9s ... Weiterlesen"}